{"id":19392,"date":"2019-05-23T09:58:49","date_gmt":"2019-05-23T08:58:49","guid":{"rendered":"http:\/\/ritmy.fr\/essais\/?page_id=19392"},"modified":"2025-05-09T11:11:27","modified_gmt":"2025-05-09T10:11:27","slug":"lequipe","status":"publish","type":"page","link":"https:\/\/ritmy.fr\/essais\/ritmy\/lequipe\/","title":{"rendered":"L&rsquo;EQUIPE"},"content":{"rendered":"\n<h3 class=\"wp-block-heading has-text-align-center\"><strong><span style=\"text-decoration: underline;\">LE CONSEIL D&rsquo;ADMINISTRATION<br>Le Bureau<\/span><\/strong><\/h3>\n\n\n\n<hr class=\"wp-block-separator has-css-opacity\"\/>\n\n\n\n<div class=\"wp-block-media-text is-vertically-aligned-center\" style=\"grid-template-columns:19% auto\"><figure class=\"wp-block-media-text__media\"><img loading=\"lazy\" decoding=\"async\" width=\"518\" height=\"575\" src=\"https:\/\/ritmy.fr\/essais\/wp-content\/uploads\/2017\/09\/Claire-Girondin-photo.jpeg\" alt=\"\" class=\"wp-image-16660 size-full\" srcset=\"https:\/\/ritmy.fr\/essais\/wp-content\/uploads\/2017\/09\/Claire-Girondin-photo.jpeg 518w, https:\/\/ritmy.fr\/essais\/wp-content\/uploads\/2017\/09\/Claire-Girondin-photo-270x300.jpeg 270w\" sizes=\"auto, (max-width: 518px) 100vw, 518px\" \/><\/figure><div class=\"wp-block-media-text__content\">\n<p><strong>Claire GIRONDIN &#8211;&nbsp;PR\u00c9SIDENTE<\/strong><\/p>\n\n\n\n<p>\u00ab\u00a0Le premier concert de Ritmy auquel j&rsquo;ai assist\u00e9 m&rsquo;a tant enthousiasm\u00e9e que je me suis aussit\u00f4t rapproch\u00e9e de l&rsquo;\u00e9quipe. J&rsquo;aime partager mes passions et r\u00e9fl\u00e9chir ensemble \u00e0 des projets communs. Et puis Ritmy c&rsquo;est un bel \u00e9tat d&rsquo;esprit : l&rsquo;id\u00e9e d&rsquo;une vraie culture populaire \u00e0 laquelle je me sens attach\u00e9e (une programmation de choix, la proximit\u00e9 et des prix accessibles). Ritmy a un beau pass\u00e9, en m&rsquo;engageant dans l&rsquo;\u00e9quipe de b\u00e9n\u00e9voles j&rsquo;esp\u00e8re participer \u00e0 son avenir pour que dans les \u00e9glises et salles des f\u00eates de nos petits villages Yvelinois la musique nous enchante encore longtemps.\u00a0\u00bb<\/p>\n<\/div><\/div>\n\n\n\n<div class=\"wp-block-media-text is-vertically-aligned-center\" style=\"grid-template-columns:19% auto\"><figure class=\"wp-block-media-text__media\"><img loading=\"lazy\" decoding=\"async\" width=\"103\" height=\"130\" src=\"https:\/\/ritmy.fr\/essais\/wp-content\/uploads\/2011\/01\/gouel_103_130.png\" alt=\"\" class=\"wp-image-1030 size-full\"\/><\/figure><div class=\"wp-block-media-text__content\">\n<p><strong>Philippe GOUEL&nbsp;&#8211; Conseiller, Pr\u00e9sident fondateur<\/strong><\/p>\n\n\n\n<p>\u00ab\u00a0Il y a plus de 30 ans maintenant, nous avons cr\u00e9e, depuis M\u00e9r\u00e9 et avec J\u00e9r\u00f4me Adam, cette association intercommunale (RITMY). Responsable de la programmation des Saisons Musicales depuis l&rsquo;origine, et Pr\u00e9sident durant 13 ans, je vois avec satisfaction que les relais sont assur\u00e9s. J&rsquo;accompagne cette transition : quelques conseils et un peu de recul&nbsp;pour laisser \u00ab\u00a0fleurir\u00a0\u00bb de nouvelles initiatives. Par ailleurs, une autre occupation me mobilise : la solidarit\u00e9 internationale au sein de l&rsquo;ONG &#8211; CCFD Terre solidaire.\u00a0\u00bb<\/p>\n<\/div><\/div>\n\n\n\n<div class=\"wp-block-media-text is-vertically-aligned-center\" style=\"grid-template-columns:19% auto\"><figure class=\"wp-block-media-text__media\"><img loading=\"lazy\" decoding=\"async\" width=\"201\" height=\"200\" src=\"https:\/\/ritmy.fr\/essais\/wp-content\/uploads\/2015\/10\/Luc-Urbain-r\u00e9duit.jpeg\" alt=\"\" class=\"wp-image-12915 size-full\" srcset=\"https:\/\/ritmy.fr\/essais\/wp-content\/uploads\/2015\/10\/Luc-Urbain-r\u00e9duit.jpeg 201w, https:\/\/ritmy.fr\/essais\/wp-content\/uploads\/2015\/10\/Luc-Urbain-r\u00e9duit-140x140.jpeg 140w\" sizes=\"auto, (max-width: 201px) 100vw, 201px\" \/><\/figure><div class=\"wp-block-media-text__content\">\n<p><strong>Luc URBAIN&nbsp;&#8211; VICE-PR\u00c9SIDENT, en charge de la PROGRAMMATION<\/strong><\/p>\n\n\n\n<p style=\"font-size:15px\">Luc Urbain partage avec bonheur ses activit\u00e9s p\u00e9dagogiques et sa carri\u00e8re de soliste. Il anime des master class dans de nombreux pays. Deux grands prix du disque ont d\u00e9j\u00e0 couronn\u00e9 sa discographie\u00a0: le grand prix de l\u2019Acad\u00e9mie et le grand prix Europ\u00e9en. Il est \u00e9galement directeur de collection aux \u00e9ditions Lemoine.\u00a0\u00c0 travers la programmation, Luc Urbain souhaite faire partager au public des \u00ab\u00a0Saisons Musicales\u00a0\u00bb son go\u00fbt pour l\u2019\u00e9clectisme musical tout en pr\u00e9servant\u00a0les racines\u00a0traditionnelles des musiques savantes.<\/p>\n<\/div><\/div>\n\n\n\n<div class=\"wp-block-media-text is-vertically-aligned-center\" style=\"grid-template-columns:19% auto\"><figure class=\"wp-block-media-text__media\"><img loading=\"lazy\" decoding=\"async\" width=\"320\" height=\"400\" src=\"https:\/\/ritmy.fr\/essais\/wp-content\/uploads\/2022\/04\/Stephanie-du-Crehu.jpg\" alt=\"\" class=\"wp-image-27231 size-full\" srcset=\"https:\/\/ritmy.fr\/essais\/wp-content\/uploads\/2022\/04\/Stephanie-du-Crehu.jpg 320w, https:\/\/ritmy.fr\/essais\/wp-content\/uploads\/2022\/04\/Stephanie-du-Crehu-240x300.jpg 240w\" sizes=\"auto, (max-width: 320px) 100vw, 320px\" \/><\/figure><div class=\"wp-block-media-text__content\">\n<p><strong>St\u00e9phanie DU CREHU &#8211;  TR\u00c9SORI\u00c8RE<\/strong><\/p>\n<\/div><\/div>\n\n\n\n<div class=\"wp-block-media-text is-vertically-aligned-center\" style=\"grid-template-columns:19% auto\"><figure class=\"wp-block-media-text__media\"><img loading=\"lazy\" decoding=\"async\" width=\"102\" height=\"130\" src=\"https:\/\/ritmy.fr\/essais\/wp-content\/uploads\/2011\/01\/pierre_petreaux.png\" alt=\"\" class=\"wp-image-1032 size-full\"\/><\/figure><div class=\"wp-block-media-text__content\">\n<p><strong>Pierre P\u00c9TR\u00c9AUX &#8211; TR\u00c9SORIER ADJOINT<\/strong><\/p>\n\n\n\n<p style=\"font-size:15px\">\u00ab\u00a0Apr\u00e8s une vie professionnelle bien remplie, j&rsquo;ai rejoint Ritmy en 2002 car le projet intercommunal de diffusion de la musique \u00e9tait totalement coh\u00e9rent avec mes souhaits d&rsquo;engagements locaux .En 2003 afin de soulager Philippe et permettre une rotation des responsabilit\u00e9s au sein de l&rsquo;\u00e9quipe d&rsquo;animation j&rsquo;ai accept\u00e9 d&rsquo;assurer la pr\u00e9sidence pendant 5 ann\u00e9es.L&rsquo;objectif des 20 ans \u00e9tant devenu trop passionnant, ma prolongation \u00e0 la pr\u00e9sidence \u00e9tait \u00e9vidente. En 2009 l&rsquo;ouverture de notre association n\u00e9cessaire pour le renouvellement de nos forces s&rsquo;est r\u00e9alis\u00e9e. J&rsquo;en suis heureux et continue dans un autre r\u00f4le \u00e0 m&rsquo;investir pour le nouveau d\u00e9veloppement de RITMY.&nbsp;Amateur de musique, de randonn\u00e9es, d&rsquo;\u00e9vasion bretonne, je trouve en RITMY un&nbsp; engagement&nbsp; local&nbsp; avec une \u00e9quipe dynamique et g\u00e9n\u00e9reuse.\u00a0\u00bb<\/p>\n<\/div><\/div>\n\n\n\n<div class=\"wp-block-media-text is-vertically-aligned-center\" style=\"grid-template-columns:19% auto\"><figure class=\"wp-block-media-text__media\"><img loading=\"lazy\" decoding=\"async\" width=\"240\" height=\"320\" src=\"https:\/\/ritmy.fr\/essais\/wp-content\/uploads\/2015\/10\/Catherine-Mazenq-V2.jpg\" alt=\"\" class=\"wp-image-12972 size-full\" srcset=\"https:\/\/ritmy.fr\/essais\/wp-content\/uploads\/2015\/10\/Catherine-Mazenq-V2.jpg 240w, https:\/\/ritmy.fr\/essais\/wp-content\/uploads\/2015\/10\/Catherine-Mazenq-V2-225x300.jpg 225w\" sizes=\"auto, (max-width: 240px) 100vw, 240px\" \/><\/figure><div class=\"wp-block-media-text__content\">\n<p><strong>Catherine MAZENQ &#8211;&nbsp;<\/strong><strong>SECR\u00c9TAIRE<\/strong><\/p>\n\n\n\n<p style=\"font-size:15px\">\u00ab\u00a0La musique doit humblement chercher \u00e0 faire plaisir, on oublie le monde et ses soucis et on se laisse emporter par le tourbillon des notes.&nbsp;Sachons la partager et l&rsquo;encourager !\u00a0\u00bb<\/p>\n<\/div><\/div>\n\n\n\n<div class=\"wp-block-media-text is-vertically-aligned-center\" style=\"grid-template-columns:19% auto\"><figure class=\"wp-block-media-text__media\"><img loading=\"lazy\" decoding=\"async\" width=\"726\" height=\"967\" src=\"https:\/\/ritmy.fr\/essais\/wp-content\/uploads\/2019\/06\/PA210290-2.jpg\" alt=\"\" class=\"wp-image-19883 size-full\" srcset=\"https:\/\/ritmy.fr\/essais\/wp-content\/uploads\/2019\/06\/PA210290-2.jpg 726w, https:\/\/ritmy.fr\/essais\/wp-content\/uploads\/2019\/06\/PA210290-2-225x300.jpg 225w\" sizes=\"auto, (max-width: 726px) 100vw, 726px\" \/><\/figure><div class=\"wp-block-media-text__content\">\n<p><strong>Florence JANSSENS &#8211; SECR\u00c9TAIRE ADJOINTE<\/strong><\/p>\n<\/div><\/div>\n\n\n\n<div class=\"wp-block-media-text is-vertically-aligned-center\" style=\"grid-template-columns:19% auto\"><figure class=\"wp-block-media-text__media\"><img loading=\"lazy\" decoding=\"async\" width=\"619\" height=\"801\" src=\"https:\/\/ritmy.fr\/essais\/wp-content\/uploads\/2016\/10\/Dominique-Creuzon.jpg\" alt=\"\" class=\"wp-image-14754 size-full\" srcset=\"https:\/\/ritmy.fr\/essais\/wp-content\/uploads\/2016\/10\/Dominique-Creuzon.jpg 619w, https:\/\/ritmy.fr\/essais\/wp-content\/uploads\/2016\/10\/Dominique-Creuzon-232x300.jpg 232w\" sizes=\"auto, (max-width: 619px) 100vw, 619px\" \/><\/figure><div class=\"wp-block-media-text__content\">\n<p><strong>Dominique&nbsp;CREUZON &#8211; COMMUNICATION, PAO<\/strong><\/p>\n\n\n\n<p style=\"font-size:15px\">\u201cR\u00e9cemment install\u00e9e dans la r\u00e9gion, la proposition de Pierre-Edouard alli\u00e9e \u00e0 ma curiosit\u00e9, m\u2019ont permis de rejoindre RITMY, cette&nbsp;\u00e9quipe de passionn\u00e9s, enthousiastes et dynamiques. <\/p>\n\n\n\n<p style=\"font-size:15px\">La&nbsp;&nbsp;d\u00e9couverte de la PAO, pour ma part, rend encore plus motivante la&nbsp;participation \u00e0 ce projet, renouvel\u00e9 chaque ann\u00e9e, de r\u00e9v\u00e9ler au public une Saison Musicale toujours brillante, vari\u00e9e et \u00e9clectique.<\/p>\n\n\n\n<p style=\"font-size:15px\">Un r\u00e9el plaisir enfin, que de partager \u00e9motions et succ\u00e8s lors de chaque concert !! \u201c<\/p>\n<\/div><\/div>\n\n\n\n<hr class=\"wp-block-separator has-css-opacity\"\/>\n\n\n\n<h3 class=\"wp-block-heading has-text-align-center\"><strong><span style=\"text-decoration: underline;\">LE CONSEIL D&rsquo;ADMINISTRATION<br>Les membres<\/span><\/strong><\/h3>\n\n\n\n<hr class=\"wp-block-separator has-css-opacity\"\/>\n\n\n\n<div class=\"wp-block-media-text is-vertically-aligned-center\" style=\"grid-template-columns:19% auto\"><figure class=\"wp-block-media-text__media\"><img loading=\"lazy\" decoding=\"async\" width=\"101\" height=\"130\" src=\"https:\/\/ritmy.fr\/essais\/wp-content\/uploads\/2011\/01\/jean_jose_fin.png\" alt=\"\" class=\"wp-image-1038 size-full\"\/><\/figure><div class=\"wp-block-media-text__content\">\n<p><strong>Jean-Jos\u00e9 FIN &#8211;&nbsp;Photo reporter&nbsp;<\/strong><\/p>\n\n\n\n<p style=\"font-size:15px\">Domicili\u00e9 \u00e0 Versailles.<br>M\u00e9lomane amateur. Et amateur de contes.<br>Passionn\u00e9 de photo, de randonn\u00e9es, de nature&#8230;<\/p>\n<\/div><\/div>\n\n\n\n<div class=\"wp-block-media-text is-vertically-aligned-center\" style=\"grid-template-columns:19% auto\"><figure class=\"wp-block-media-text__media\"><img loading=\"lazy\" decoding=\"async\" width=\"320\" height=\"400\" src=\"https:\/\/ritmy.fr\/essais\/wp-content\/uploads\/2021\/09\/jacques-raffaut.jpg\" alt=\"\" class=\"wp-image-26449 size-full\" srcset=\"https:\/\/ritmy.fr\/essais\/wp-content\/uploads\/2021\/09\/jacques-raffaut.jpg 320w, https:\/\/ritmy.fr\/essais\/wp-content\/uploads\/2021\/09\/jacques-raffaut-240x300.jpg 240w\" sizes=\"auto, (max-width: 320px) 100vw, 320px\" \/><\/figure><div class=\"wp-block-media-text__content\">\n<p><strong>Jacques Raffault &#8211; &nbsp;Billetterie<\/strong><\/p>\n<\/div><\/div>\n\n\n\n<div class=\"wp-block-media-text is-vertically-aligned-center\" style=\"grid-template-columns:19% auto\"><figure class=\"wp-block-media-text__media\"><img decoding=\"async\" src=\"https:\/\/ritmy.fr\/essais\/wp-content\/uploads\/2021\/09\/jean-paul-chorier.jpg\" alt=\"\" class=\"wp-image-26450 size-full\"\/><\/figure><div class=\"wp-block-media-text__content\">\n<p><strong>Jean-Paul Chorier &#8211; Site internet<\/strong><\/p>\n<\/div><\/div>\n\n\n\n<div class=\"wp-block-media-text is-vertically-aligned-center\" style=\"grid-template-columns:19% auto\"><figure class=\"wp-block-media-text__media\"><img loading=\"lazy\" decoding=\"async\" width=\"320\" height=\"400\" src=\"https:\/\/ritmy.fr\/essais\/wp-content\/uploads\/2021\/10\/logistique.jpg\" alt=\"\" class=\"wp-image-26653 size-full\" srcset=\"https:\/\/ritmy.fr\/essais\/wp-content\/uploads\/2021\/10\/logistique.jpg 320w, https:\/\/ritmy.fr\/essais\/wp-content\/uploads\/2021\/10\/logistique-240x300.jpg 240w\" sizes=\"auto, (max-width: 320px) 100vw, 320px\" \/><\/figure><div class=\"wp-block-media-text__content\">\n<p><\/p>\n\n\n\n<p style=\"font-size:15px\"><\/p>\n<\/div><\/div>\n\n\n\n<div class=\"wp-block-media-text is-vertically-aligned-center\" style=\"grid-template-columns:19% auto\"><figure class=\"wp-block-media-text__media\"><img loading=\"lazy\" decoding=\"async\" width=\"240\" height=\"320\" src=\"https:\/\/ritmy.fr\/essais\/wp-content\/uploads\/2015\/10\/Catherine-Mazenq-V2.jpg\" alt=\"\" class=\"wp-image-12972 size-full\" srcset=\"https:\/\/ritmy.fr\/essais\/wp-content\/uploads\/2015\/10\/Catherine-Mazenq-V2.jpg 240w, https:\/\/ritmy.fr\/essais\/wp-content\/uploads\/2015\/10\/Catherine-Mazenq-V2-225x300.jpg 225w\" sizes=\"auto, (max-width: 240px) 100vw, 240px\" \/><\/figure><div class=\"wp-block-media-text__content\">\n<p><strong>Catherine MAZENQ &#8211;&nbsp;&nbsp;Association Bisconcella (Orgerus)<\/strong><\/p>\n<\/div><\/div>\n\n\n\n<div class=\"wp-block-media-text is-vertically-aligned-center\" style=\"grid-template-columns:19% auto\"><figure class=\"wp-block-media-text__media\"><img loading=\"lazy\" decoding=\"async\" width=\"912\" height=\"1000\" src=\"https:\/\/ritmy.fr\/essais\/wp-content\/uploads\/2019\/06\/Claudine-Rousseau-copie-912x1000.jpg\" alt=\"\" class=\"wp-image-19882 size-full\" srcset=\"https:\/\/ritmy.fr\/essais\/wp-content\/uploads\/2019\/06\/Claudine-Rousseau-copie-912x1000.jpg 912w, https:\/\/ritmy.fr\/essais\/wp-content\/uploads\/2019\/06\/Claudine-Rousseau-copie-273x300.jpg 273w, https:\/\/ritmy.fr\/essais\/wp-content\/uploads\/2019\/06\/Claudine-Rousseau-copie-768x842.jpg 768w, https:\/\/ritmy.fr\/essais\/wp-content\/uploads\/2019\/06\/Claudine-Rousseau-copie.jpg 1000w\" sizes=\"auto, (max-width: 912px) 100vw, 912px\" \/><\/figure><div class=\"wp-block-media-text__content\">\n<p><strong>Claudine ROUSSEAU &#8211; Association Bisconcella (Orgerus)<\/strong><\/p>\n<\/div><\/div>\n\n\n\n<div class=\"wp-block-media-text is-vertically-aligned-center\" style=\"grid-template-columns:19% auto\"><figure class=\"wp-block-media-text__media\"><img loading=\"lazy\" decoding=\"async\" width=\"109\" height=\"179\" src=\"https:\/\/ritmy.fr\/essais\/wp-content\/uploads\/2012\/02\/BERNADETTE2.png\" alt=\"\" class=\"wp-image-6384 size-full\"\/><\/figure><div class=\"wp-block-media-text__content\">\n<p><strong>Bernadette COURTY &#8211;&nbsp;Association GRAL (Richebourg)<\/strong><\/p>\n<\/div><\/div>\n\n\n\n<div class=\"wp-block-media-text is-vertically-aligned-center\" style=\"grid-template-columns:19% auto\"><figure class=\"wp-block-media-text__media\"><img loading=\"lazy\" decoding=\"async\" width=\"518\" height=\"575\" src=\"https:\/\/ritmy.fr\/essais\/wp-content\/uploads\/2017\/09\/Claire-Girondin-photo.jpeg\" alt=\"\" class=\"wp-image-16660 size-full\" srcset=\"https:\/\/ritmy.fr\/essais\/wp-content\/uploads\/2017\/09\/Claire-Girondin-photo.jpeg 518w, https:\/\/ritmy.fr\/essais\/wp-content\/uploads\/2017\/09\/Claire-Girondin-photo-270x300.jpeg 270w\" sizes=\"auto, (max-width: 518px) 100vw, 518px\" \/><\/figure><div class=\"wp-block-media-text__content\">\n<p><strong>Claire GIRONDIN &#8211;&nbsp;Association GRAL (Richebourg)<\/strong><\/p>\n<\/div><\/div>\n\n\n\n<div class=\"wp-block-media-text is-vertically-aligned-center\" style=\"grid-template-columns:19% auto\"><figure class=\"wp-block-media-text__media\"><img loading=\"lazy\" decoding=\"async\" width=\"320\" height=\"408\" src=\"https:\/\/ritmy.fr\/essais\/wp-content\/uploads\/2024\/12\/Sylvain-Boullie.jpg\" alt=\"\" class=\"wp-image-29626 size-full\" srcset=\"https:\/\/ritmy.fr\/essais\/wp-content\/uploads\/2024\/12\/Sylvain-Boullie.jpg 320w, https:\/\/ritmy.fr\/essais\/wp-content\/uploads\/2024\/12\/Sylvain-Boullie-235x300.jpg 235w\" sizes=\"auto, (max-width: 320px) 100vw, 320px\" \/><\/figure><div class=\"wp-block-media-text__content\">\n<p><strong>Sylvain BOUILLIE &#8211;\u00a0\u00c9cole de Musique de Houdan<\/strong><\/p>\n<\/div><\/div>\n\n\n\n<div class=\"wp-block-media-text is-vertically-aligned-center\" style=\"grid-template-columns:19% auto\"><figure class=\"wp-block-media-text__media\"><img loading=\"lazy\" decoding=\"async\" width=\"619\" height=\"801\" src=\"https:\/\/ritmy.fr\/essais\/wp-content\/uploads\/2016\/10\/Dominique-Creuzon.jpg\" alt=\"\" class=\"wp-image-14754 size-full\" srcset=\"https:\/\/ritmy.fr\/essais\/wp-content\/uploads\/2016\/10\/Dominique-Creuzon.jpg 619w, https:\/\/ritmy.fr\/essais\/wp-content\/uploads\/2016\/10\/Dominique-Creuzon-232x300.jpg 232w\" sizes=\"auto, (max-width: 619px) 100vw, 619px\" \/><\/figure><div class=\"wp-block-media-text__content\">\n<p><strong>Dominique&nbsp;CREUZON &#8211; ASCL&nbsp;de M\u00e9r\u00e9<\/strong><\/p>\n<\/div><\/div>\n\n\n\n<div class=\"wp-block-media-text is-vertically-aligned-center\" style=\"grid-template-columns:19% auto\"><figure class=\"wp-block-media-text__media\"><img loading=\"lazy\" decoding=\"async\" width=\"320\" height=\"400\" src=\"https:\/\/ritmy.fr\/essais\/wp-content\/uploads\/2023\/02\/Faustine-Urbain.png\" alt=\"\" class=\"wp-image-27944 size-full\" srcset=\"https:\/\/ritmy.fr\/essais\/wp-content\/uploads\/2023\/02\/Faustine-Urbain.png 320w, https:\/\/ritmy.fr\/essais\/wp-content\/uploads\/2023\/02\/Faustine-Urbain-240x300.png 240w\" sizes=\"auto, (max-width: 320px) 100vw, 320px\" \/><\/figure><div class=\"wp-block-media-text__content\">\n<p class=\"has-regular-font-size\"><strong>Faustine URBAIN &#8211; Acime de Maule<\/strong><\/p>\n<\/div><\/div>\n\n\n\n<div class=\"wp-block-media-text is-vertically-aligned-center\" style=\"grid-template-columns:19% auto\"><figure class=\"wp-block-media-text__media\"><img loading=\"lazy\" decoding=\"async\" width=\"320\" height=\"400\" src=\"https:\/\/ritmy.fr\/essais\/wp-content\/uploads\/2022\/04\/Francois-Huppe.jpg\" alt=\"\" class=\"wp-image-27230 size-full\" srcset=\"https:\/\/ritmy.fr\/essais\/wp-content\/uploads\/2022\/04\/Francois-Huppe.jpg 320w, https:\/\/ritmy.fr\/essais\/wp-content\/uploads\/2022\/04\/Francois-Huppe-240x300.jpg 240w\" sizes=\"auto, (max-width: 320px) 100vw, 320px\" \/><\/figure><div class=\"wp-block-media-text__content\">\n<p class=\"has-regular-font-size\"><strong>Fran\u00e7ois&nbsp;HUPPE &#8211;&nbsp;Syndicat d&rsquo;Initiative de Neauphle-le-Ch\u00e2teau<\/strong><\/p>\n<\/div><\/div>\n","protected":false},"excerpt":{"rendered":"<p>LE CONSEIL D&rsquo;ADMINISTRATIONLe Bureau Claire GIRONDIN &#8211;&nbsp;PR\u00c9SIDENTE \u00ab\u00a0Le premier concert de Ritmy auquel j&rsquo;ai assist\u00e9 m&rsquo;a tant enthousiasm\u00e9e que je me suis aussit\u00f4t rapproch\u00e9e de l&rsquo;\u00e9quipe. J&rsquo;aime partager mes passions et r\u00e9fl\u00e9chir ensemble \u00e0 des projets communs. Et puis Ritmy c&rsquo;est un bel \u00e9tat d&rsquo;esprit : l&rsquo;id\u00e9e d&rsquo;une vraie culture populaire \u00e0 laquelle je me &hellip; <\/p>\n<p><a class=\"more-link btn\" href=\"https:\/\/ritmy.fr\/essais\/ritmy\/lequipe\/\">Lire la suite<\/a><\/p>\n","protected":false},"author":3,"featured_media":29601,"parent":18,"menu_order":1,"comment_status":"closed","ping_status":"closed","template":"","meta":{"footnotes":""},"class_list":["post-19392","page","type-page","status-publish","has-post-thumbnail","hentry","nodate","item-wrap"],"_links":{"self":[{"href":"https:\/\/ritmy.fr\/essais\/wp-json\/wp\/v2\/pages\/19392","targetHints":{"allow":["GET"]}}],"collection":[{"href":"https:\/\/ritmy.fr\/essais\/wp-json\/wp\/v2\/pages"}],"about":[{"href":"https:\/\/ritmy.fr\/essais\/wp-json\/wp\/v2\/types\/page"}],"author":[{"embeddable":true,"href":"https:\/\/ritmy.fr\/essais\/wp-json\/wp\/v2\/users\/3"}],"replies":[{"embeddable":true,"href":"https:\/\/ritmy.fr\/essais\/wp-json\/wp\/v2\/comments?post=19392"}],"version-history":[{"count":62,"href":"https:\/\/ritmy.fr\/essais\/wp-json\/wp\/v2\/pages\/19392\/revisions"}],"predecessor-version":[{"id":29718,"href":"https:\/\/ritmy.fr\/essais\/wp-json\/wp\/v2\/pages\/19392\/revisions\/29718"}],"up":[{"embeddable":true,"href":"https:\/\/ritmy.fr\/essais\/wp-json\/wp\/v2\/pages\/18"}],"wp:featuredmedia":[{"embeddable":true,"href":"https:\/\/ritmy.fr\/essais\/wp-json\/wp\/v2\/media\/29601"}],"wp:attachment":[{"href":"https:\/\/ritmy.fr\/essais\/wp-json\/wp\/v2\/media?parent=19392"}],"curies":[{"name":"wp","href":"https:\/\/api.w.org\/{rel}","templated":true}]}}